{"id":29,"date":"2014-03-14T12:00:02","date_gmt":"2014-03-14T10:00:02","guid":{"rendered":"http:\/\/mallorca-fotos.info\/?page_id=29"},"modified":"2020-09-17T19:07:46","modified_gmt":"2020-09-17T17:07:46","slug":"nutzungsbedingungen","status":"publish","type":"page","link":"https:\/\/mallorca-fotos.info\/?page_id=29","title":{"rendered":"Nutzungsbedingungen"},"content":{"rendered":"<h3>Bildarchiv Nutzungsbedingungen<\/h3>\n<p>1. Der Seitenbetreiber stellt Bilder von Mallorca f\u00fcr jedermann online zur Verf\u00fcgung. Die Nutzung der Bilder setzt das Einverst\u00e4ndnis mit den Nutzungsbedingungen voraus.<\/p>\n<p>2. Bei Verwendung eines zur Verf\u00fcgung gestellten digitalen Bildes ist die Quelle www.mallorca-fotos.info gut sichtbar anzugeben sowie ein Link zu http:\/\/www.mallorca-fotos.info ebenfalls gut sichtbar einzurichten. Dies gilt insbesondere f\u00fcr elektronische Publikationen wie z.B. Webauftritte.<\/p>\n<p>3. Die Bilder k\u00f6nnen dar\u00fcber hinaus durch jedermann f\u00fcr Zwecke der Berichterstattung kostenlos genutzt werden f\u00fcr:<br>Pressever\u00f6ffentlichungen<br>Ver\u00f6ffentlichungen in Printmedien<br>Online- und multimediale Ver\u00f6ffentlichungen.<br>Dies gilt ebenso f\u00fcr private nichtgewerbliche Zwecke sowie f\u00fcr nichtgewerbliche Zwecke im Bereich der Bildung. Eine dar\u00fcber hinausgehende Nutzung f\u00fcr kommerzielle Zwecke, insbesondere f\u00fcr Werbezwecke, ist nicht zul\u00e4ssig.&nbsp;<\/p>\n<p>4. Die Bildinformation und die darin enthaltenen Nutzungs- und Verwendungsbeschr\u00e4nkungen sind zu beachten. F\u00fcr die aus der Nichtbeachtung resultierenden Sch\u00e4den haftet der \/ die Nutzer\/-in. Er \/ Sie hat den Seitenbetreiber insoweit von Anspr\u00fcchen Dritter freizustellen.<\/p>\n<p>5. Der \/ die Nutzer\/-in hat die heruntergeladenen digitalen Bilder nach Verwendung umgehend zu l\u00f6schen. Eine elektronische Speicherung von Bilddateien zur Eigenarchivierung oder eine Weitergabe an Dritte ist nicht gestattet.<\/p>\n<p>6. Jegliche Bearbeitung, Umgestaltung oder Manipulation der bereitgestellten digitalen Bilder, die \u00fcber Farbkorrekturen, Ausschnitte und Verkleinerungen hinausgehen, ist unzul\u00e4ssig und nur mit vorheriger schriftlicher Zustimmung durch den Seitenbetreiber erfolgen. Ebenso darf ein zur Verf\u00fcgung gestelltes digitales Bild nicht in einem sinnentstellenden Zusammenhang wiedergegeben werden.<\/p>\n<p>7. Eine Entstellung des urheberrechtlich gesch\u00fctzten Werkes in Bild, Wort bzw. jeglicher anderen Form, z. B. durch Nachfotografieren, zeichnerische Verf\u00e4lschung, Fotocomposing oder elektronische Hilfsmittel ist nicht zul\u00e4ssig. Der \/ die Nutzer\/-in tr\u00e4gt die Verantwortung f\u00fcr die Betextung.<\/p>\n<p>8. Die Medien sind insbesondere zur Beachtung der publizistischen Grunds\u00e4tze des Deutschen Presserates (Pressecodex) verpflichtet. Die Zustimmung zur Nutzung des Bildmaterials umfasst nicht die Zusicherung, dass die abgebildeten Personen, die Inhaber der Rechte an abgebildeten Werken oder die Inhaber von Marken- und sonstigen Schutzrechten die Einwilligung zu einer \u00f6ffentlichen Wiedergabe erteilt haben. Die Einholung der im Einzelfall notwendigen Einwilligungen Dritter obliegt allein dem \/ der Nutzer\/-in. Er \/ Sie hat die Pers\u00f6nlichkeits-, Urheber-, Marken- und sonstigen Schutzrechte von abgebildeten Personen, Werken, Gegenst\u00e4nden oder Zeichen selbst zu beachten. Bei Missachtung solcher Rechte ist allein der \/ die Nutzer\/-in etwaigen Dritten gegen\u00fcber schadenersatzpflichtig.<\/p>\n\n\n<p><\/p>\n","protected":false},"excerpt":{"rendered":"<p>Bildarchiv Nutzungsbedingungen 1. Der Seitenbetreiber stellt Bilder von Mallorca f\u00fcr jedermann online zur Verf\u00fcgung. Die Nutzung der Bilder setzt das Einverst\u00e4ndnis mit den Nutzungsbedingungen voraus. 2. Bei Verwendung eines zur Verf\u00fcgung gestellten digitalen Bildes ist die Quelle www.mallorca-fotos.info gut sichtbar anzugeben sowie ein Link zu http:\/\/www.mallorca-fotos.info ebenfalls gut sichtbar einzurichten. Dies gilt insbesondere f\u00fcr elektronische [&hellip;]<\/p>\n","protected":false},"author":1,"featured_media":0,"parent":195,"menu_order":2,"comment_status":"closed","ping_status":"open","template":"","meta":{"footnotes":""},"_links":{"self":[{"href":"https:\/\/mallorca-fotos.info\/index.php?rest_route=\/wp\/v2\/pages\/29"}],"collection":[{"href":"https:\/\/mallorca-fotos.info\/index.php?rest_route=\/wp\/v2\/pages"}],"about":[{"href":"https:\/\/mallorca-fotos.info\/index.php?rest_route=\/wp\/v2\/types\/page"}],"author":[{"embeddable":true,"href":"https:\/\/mallorca-fotos.info\/index.php?rest_route=\/wp\/v2\/users\/1"}],"replies":[{"embeddable":true,"href":"https:\/\/mallorca-fotos.info\/index.php?rest_route=%2Fwp%2Fv2%2Fcomments&post=29"}],"version-history":[{"count":7,"href":"https:\/\/mallorca-fotos.info\/index.php?rest_route=\/wp\/v2\/pages\/29\/revisions"}],"predecessor-version":[{"id":1202,"href":"https:\/\/mallorca-fotos.info\/index.php?rest_route=\/wp\/v2\/pages\/29\/revisions\/1202"}],"up":[{"embeddable":true,"href":"https:\/\/mallorca-fotos.info\/index.php?rest_route=\/wp\/v2\/pages\/195"}],"wp:attachment":[{"href":"https:\/\/mallorca-fotos.info\/index.php?rest_route=%2Fwp%2Fv2%2Fmedia&parent=29"}],"curies":[{"name":"wp","href":"https:\/\/api.w.org\/{rel}","templated":true}]}}